{"id":15231,"date":"2024-03-22T14:14:43","date_gmt":"2024-03-22T14:14:43","guid":{"rendered":"https:\/\/internationalbusiness.pt\/privacy-policy\/"},"modified":"2024-03-22T14:14:43","modified_gmt":"2024-03-22T14:14:43","slug":"privacy-policy","status":"publish","type":"page","link":"https:\/\/ib2023-2025.internationalbusiness.pt\/en\/privacy-policy\/","title":{"rendered":"Privacy Policy"},"content":{"rendered":"<p>[vc_row bg_position=&#8221;custom&#8221; enable_overlay=&#8221;yes&#8221; css=&#8221;.vc_custom_1615406840698{border-bottom-width: 2px !important;padding-top: 150px !important;padding-bottom: 80px !important;background-position: 0 0 !important;background-repeat: no-repeat !important;border-bottom-color: #f0f4f5 !important;border-bottom-style: solid !important;}&#8221; bg_pos_h=&#8221;50%&#8221; bg_pos_v=&#8221;120%&#8221; overlay_bg=&#8221;linear-gradient(180deg, #eaf2f4 0.9554140127388535%, rgba(255, 255, 255, 0) 100%)&#8221;][vc_column align=&#8221;text-center&#8221; offset=&#8221;vc_col-lg-offset-3 vc_col-lg-6 vc_col-md-offset-2 vc_col-md-8&#8243; responsive_align=&#8221;text-center&#8221;]<style>.ld_fancy_heading_69f1f40a892a8 h1 {font-size:60px; } .ld_fancy_heading_69f1f40a892a8 h1 {margin-bottom:0.25em !important;  } .ld_fancy_heading_69f1f40a892a8 .lqd-highlight-inner{height:0.275em!important;bottom:0px!important;}.ld_fancy_heading_69f1f40a892a8 h1 {font-size:60px; } .ld_fancy_heading_69f1f40a892a8 h1 {margin-bottom:0.25em !important;  } <\/style><div class=\"ld-fancy-heading ld_fancy_heading_69f1f40a892a8\">\n\t<h1 class=\"ld-fh-element lqd-highlight-underline lqd-highlight-grow-left text-decoration-default\"   >  Privacy Policy<\/h1><\/div>[\/vc_column][\/vc_row][vc_row content_placement=&#8221;middle&#8221; bg_position=&#8221;custom&#8221; css=&#8221;.vc_custom_1711117275830{padding-top: 80px !important;background-position: 0 0 !important;background-repeat: no-repeat !important;}&#8221; bg_pos_h=&#8221;14%&#8221; bg_pos_v=&#8221;65%&#8221;][vc_column enable_content_animation=&#8221;yes&#8221; ca_init_scale_x=&#8221;1&#8243; ca_init_scale_y=&#8221;1&#8243; ca_init_opacity=&#8221;0&#8243; ca_an_scale_x=&#8221;1&#8243; ca_an_scale_y=&#8221;1&#8243; ca_an_opacity=&#8221;1&#8243; scale_from_z=&#8221;1&#8243; scale_to_z=&#8221;1&#8243; ca_init_scale_z=&#8221;1&#8243; ca_an_scale_z=&#8221;1&#8243; ca_duration=&#8221;1800&#8243; ca_delay=&#8221;180&#8243; ca_init_translate_y=&#8221;45&#8243;]<style>.ld_fancy_heading_69f1f40a89e57 h2 {font-size:35px; } @media (min-width: 768px) { .ld_fancy_heading_69f1f40a89e57 h2 {font-size:42px; }  } .ld_fancy_heading_69f1f40a89e57 .lqd-highlight-inner{height:0.275em!important;bottom:0px!important;}.ld_fancy_heading_69f1f40a89e57 h2 {font-size:35px; } @media (min-width: 768px) { .ld_fancy_heading_69f1f40a89e57 h2 {font-size:42px; }  } <\/style><div class=\"ld-fancy-heading text-left ld_fancy_heading_69f1f40a89e57\">\n\t<h2 class=\"ld-fh-element lqd-highlight-underline lqd-highlight-grow-left text-decoration-default\"   >  Identification of the data controller<\/h2><\/div>[vc_column_text]Association: NERLEI \u2013 Business Association of the Leiria Region (hereinafter \u201cNERLEI\u201d)<br \/>\n<strong>Headquarters:<\/strong> Av. Bernardo Pimenta, Ed. NERLEI 2404-010 Leiria<br \/>\n<strong>NIPC:<\/strong> 502286296<br \/>\n<strong>Telephone:<\/strong> 244 890 200<br \/>\n<strong>E-mail:<\/strong> <a href=\"mailto:nerlei@nerlei.pt\">nerlei@nerlei.pt <\/a>[\/vc_column_text][\/vc_column][\/vc_row][vc_row content_placement=&#8221;middle&#8221; bg_position=&#8221;custom&#8221; css=&#8221;.vc_custom_1711117474124{padding-top: 60px !important;background-position: 0 0 !important;background-repeat: no-repeat !important;}&#8221; bg_pos_h=&#8221;14%&#8221; bg_pos_v=&#8221;65%&#8221;][vc_column enable_content_animation=&#8221;yes&#8221; ca_init_scale_x=&#8221;1&#8243; ca_init_scale_y=&#8221;1&#8243; ca_init_opacity=&#8221;0&#8243; ca_an_scale_x=&#8221;1&#8243; ca_an_scale_y=&#8221;1&#8243; ca_an_opacity=&#8221;1&#8243; scale_from_z=&#8221;1&#8243; scale_to_z=&#8221;1&#8243; ca_init_scale_z=&#8221;1&#8243; ca_an_scale_z=&#8221;1&#8243; ca_duration=&#8221;1800&#8243; ca_delay=&#8221;180&#8243; ca_init_translate_y=&#8221;45&#8243;]<style>.ld_fancy_heading_69f1f40a8a28c h2 {font-size:35px; } @media (min-width: 768px) { .ld_fancy_heading_69f1f40a8a28c h2 {font-size:42px; }  } .ld_fancy_heading_69f1f40a8a28c .lqd-highlight-inner{height:0.275em!important;bottom:0px!important;}.ld_fancy_heading_69f1f40a8a28c h2 {font-size:35px; } @media (min-width: 768px) { .ld_fancy_heading_69f1f40a8a28c h2 {font-size:42px; }  } <\/style><div class=\"ld-fancy-heading text-left ld_fancy_heading_69f1f40a8a28c\">\n\t<h2 class=\"ld-fh-element lqd-highlight-underline lqd-highlight-grow-left text-decoration-default\"   >  Information and consent<\/h2><\/div>[vc_column_text]The Personal Data Protection Law (LPDP) and the General Data Protection Regulation (Regulation (EU) 2016\/679 of the European Parliament and of the Council of 27 April 2016, GDPR) ensure the protection of individuals with regard to the processing of personal data and the free movement of such data.[\/vc_column_text][vc_column_text]Under the terms of the law, personal data are considered to be any \u201cinformation relating to an identified or identifiable natural person (\u201cthe data subject\u201d); an identifiable natural person is one who can be identified, directly or indirectly, in particular by reference to an identifier such as a name, an identification number, location data, an online identifiers, or to one or more factors specific to the physical, physiological, genetic, mental, economic, cultural or social identity of that natural person.\u201d<\/p>\n<p>By accepting this Privacy Policy, the user gives their informed, express, free, and unequivocal consent for the personal data provided through the website <a href=\"https:\/\/www.nerlei.pt\/pt\" target=\"_blank\" rel=\"noopener\">https:\/\/www.nerlei.pt\/pt<\/a> to be processed by <strong>NERLEI<\/strong>, whose processing data complies with with the appropriate technical and organizational security measures.[\/vc_column_text][vc_column_text]<strong>NERLEI <\/strong> maintains a database with its clients&#8217; records consisting only of the personal data provided by the data subject at the time of registration, which is collected and processed automatically by <strong>NERLEI<\/strong>, the entity responsible for processing personal data.<\/p>\n<p>Under no circumstances will personal data concerning racial or ethnic origin, political opinions, religious or philosophical beliefs, trade union membership, health and sex life, genetic data, biometric data, or data concerning sexual orientation be requested.<\/p>\n<p><strong>NERLEI <\/strong> will not carry out any of the following activities with the personal data provided through this site, without the prior explicit consent of the data subject:<\/p>\n<ul>\n<li>Disclose to other persons or entities;<\/li>\n<li>Transfer outside the European Economic Area (EEA).<\/li>\n<\/ul>\n<p>[\/vc_column_text][\/vc_column][\/vc_row][vc_row content_placement=&#8221;middle&#8221; bg_position=&#8221;custom&#8221; css=&#8221;.vc_custom_1711117474124{padding-top: 60px !important;background-position: 0 0 !important;background-repeat: no-repeat !important;}&#8221; bg_pos_h=&#8221;14%&#8221; bg_pos_v=&#8221;65%&#8221;][vc_column enable_content_animation=&#8221;yes&#8221; ca_init_scale_x=&#8221;1&#8243; ca_init_scale_y=&#8221;1&#8243; ca_init_opacity=&#8221;0&#8243; ca_an_scale_x=&#8221;1&#8243; ca_an_scale_y=&#8221;1&#8243; ca_an_opacity=&#8221;1&#8243; scale_from_z=&#8221;1&#8243; scale_to_z=&#8221;1&#8243; ca_init_scale_z=&#8221;1&#8243; ca_an_scale_z=&#8221;1&#8243; ca_duration=&#8221;1800&#8243; ca_delay=&#8221;180&#8243; ca_init_translate_y=&#8221;45&#8243;]<style>.ld_fancy_heading_69f1f40a8a6af h2 {font-size:35px; } @media (min-width: 768px) { .ld_fancy_heading_69f1f40a8a6af h2 {font-size:42px; }  } .ld_fancy_heading_69f1f40a8a6af .lqd-highlight-inner{height:0.275em!important;bottom:0px!important;}.ld_fancy_heading_69f1f40a8a6af h2 {font-size:35px; } @media (min-width: 768px) { .ld_fancy_heading_69f1f40a8a6af h2 {font-size:42px; }  } <\/style><div class=\"ld-fancy-heading text-left ld_fancy_heading_69f1f40a8a6af\">\n\t<h2 class=\"ld-fh-element lqd-highlight-underline lqd-highlight-grow-left text-decoration-default\"   >  Purposes of processing personal data<\/h2><\/div>[vc_column_text]The personal data processed through this website will only be used for the following purposes:<\/p>\n<ul>\n<li>Communication and clarification;<\/li>\n<li>Applications or registrations;<\/li>\n<li>Management of the provision of services inherent to <strong>NERLEI<\/strong>&#8216;s activity;<\/li>\n<li>Processing information requests;<\/li>\n<li>Processing complaints;<\/li>\n<li>Transfer of data to public or private entities in fulfillment of a contractual or legal obligation;<\/li>\n<li>Informative and marketing communications.<\/li>\n<\/ul>\n<p><strong>NERLEI <\/strong> guarantees the confidentiality of all data provided. Although <strong>NERLEI <\/strong> collects and processes data in a secure manner that prevents its loss or manipulation, using the most appropriate techniques for this purpose, it should be taken in mind that collecting data on open networks allows personal data to circulate without security conditions, with the risk of it being seen and used by unauthorized third parties.<\/p>\n<p>Failure to respond to the data marked as mandatory means that it is impossible to respond to the data subject&#8217;s request.[\/vc_column_text][\/vc_column][\/vc_row][vc_row content_placement=&#8221;middle&#8221; bg_position=&#8221;custom&#8221; css=&#8221;.vc_custom_1711117474124{padding-top: 60px !important;background-position: 0 0 !important;background-repeat: no-repeat !important;}&#8221; bg_pos_h=&#8221;14%&#8221; bg_pos_v=&#8221;65%&#8221;][vc_column enable_content_animation=&#8221;yes&#8221; ca_init_scale_x=&#8221;1&#8243; ca_init_scale_y=&#8221;1&#8243; ca_init_opacity=&#8221;0&#8243; ca_an_scale_x=&#8221;1&#8243; ca_an_scale_y=&#8221;1&#8243; ca_an_opacity=&#8221;1&#8243; scale_from_z=&#8221;1&#8243; scale_to_z=&#8221;1&#8243; ca_init_scale_z=&#8221;1&#8243; ca_an_scale_z=&#8221;1&#8243; ca_duration=&#8221;1800&#8243; ca_delay=&#8221;180&#8243; ca_init_translate_y=&#8221;45&#8243;]<style>.ld_fancy_heading_69f1f40a8a958 h2 {font-size:35px; } @media (min-width: 768px) { .ld_fancy_heading_69f1f40a8a958 h2 {font-size:42px; }  } .ld_fancy_heading_69f1f40a8a958 .lqd-highlight-inner{height:0.275em!important;bottom:0px!important;}.ld_fancy_heading_69f1f40a8a958 h2 {font-size:35px; } @media (min-width: 768px) { .ld_fancy_heading_69f1f40a8a958 h2 {font-size:42px; }  } <\/style><div class=\"ld-fancy-heading text-left ld_fancy_heading_69f1f40a8a958\">\n\t<h2 class=\"ld-fh-element lqd-highlight-underline lqd-highlight-grow-left text-decoration-default\"   >  Security measures<\/h2><\/div>[vc_column_text]<strong>NERLEI <\/strong> declares that it has implemented and will continue to implement the security measures of a technical and organizational nature necessary to guarantee the security of the personal data provided to it in order to prevent its alteration, loss, processing and\/or unauthorized access, taking into account the current state of technology, the nature of the data stored and the risks to which they are exposed.<\/p>\n<p><strong>NERLEI <\/strong> guarantees the confidentiality of the data provided through this website. Data is collected and processed in a secure manner that prevents its loss or manipulation.<\/p>\n<p>Personal data is treated with the level of protection legally required to guarantee its security and prevent its alteration, loss, processing or unauthorized access, taking into account the state of the technology, the user being aware and accepting that Internet security measures are not impregnable.<\/p>\n<p>Whenever accessing personal data, <strong>NERLEI <\/strong> undertakes to:<\/p>\n<ul>\n<li>Store them using legally required security measures, of a technical and organizational nature, which guarantee their security, thus avoiding alteration, loss, processing, or unauthorized access, in accordance with the state of technology at any given time, the nature of the data, and the possible risks to which they are exposed;<\/li>\n<li>Use the data exclusively for the purposes previously defined;<\/li>\n<li>Ensure that the data is only processed by employees whose intervention is necessary to satisfy the request of the data subject, who are bound by the duty of secrecy and confidentiality. If it is possible for the information to be disclosed to third parties for these purposes, they must be obliged to keep it confidential in accordance with the provisions of this document.<\/li>\n<\/ul>\n<p>[\/vc_column_text][\/vc_column][\/vc_row][vc_row content_placement=&#8221;middle&#8221; bg_position=&#8221;custom&#8221; css=&#8221;.vc_custom_1711117474124{padding-top: 60px !important;background-position: 0 0 !important;background-repeat: no-repeat !important;}&#8221; bg_pos_h=&#8221;14%&#8221; bg_pos_v=&#8221;65%&#8221;][vc_column enable_content_animation=&#8221;yes&#8221; ca_init_scale_x=&#8221;1&#8243; ca_init_scale_y=&#8221;1&#8243; ca_init_opacity=&#8221;0&#8243; ca_an_scale_x=&#8221;1&#8243; ca_an_scale_y=&#8221;1&#8243; ca_an_opacity=&#8221;1&#8243; scale_from_z=&#8221;1&#8243; scale_to_z=&#8221;1&#8243; ca_init_scale_z=&#8221;1&#8243; ca_an_scale_z=&#8221;1&#8243; ca_duration=&#8221;1800&#8243; ca_delay=&#8221;180&#8243; ca_init_translate_y=&#8221;45&#8243;]<style>.ld_fancy_heading_69f1f40a8abe0 h2 {font-size:35px; } @media (min-width: 768px) { .ld_fancy_heading_69f1f40a8abe0 h2 {font-size:42px; }  } .ld_fancy_heading_69f1f40a8abe0 .lqd-highlight-inner{height:0.275em!important;bottom:0px!important;}.ld_fancy_heading_69f1f40a8abe0 h2 {font-size:35px; } @media (min-width: 768px) { .ld_fancy_heading_69f1f40a8abe0 h2 {font-size:42px; }  } <\/style><div class=\"ld-fancy-heading text-left ld_fancy_heading_69f1f40a8abe0\">\n\t<h2 class=\"ld-fh-element lqd-highlight-underline lqd-highlight-grow-left text-decoration-default\"   >  Commercial and informational communications<\/h2><\/div>[vc_column_text]One of the purposes for which personal data provided by users is processed is to send electronic communications with commercial information.<\/p>\n<p>All such communications of this type will be addressed exclusively to users who have given their express prior consent.<\/p>\n<p>If the user wishes to stop receiving commercial or informational communications from <strong>NERLEI<\/strong>, they can object at any time by sending an email to <a href=\"mailto:protecao.dados@nerlei.pt\">protecao.dados@nerlei.pt<\/a>.[\/vc_column_text][\/vc_column][\/vc_row][vc_row content_placement=&#8221;middle&#8221; bg_position=&#8221;custom&#8221; css=&#8221;.vc_custom_1711117474124{padding-top: 60px !important;background-position: 0 0 !important;background-repeat: no-repeat !important;}&#8221; bg_pos_h=&#8221;14%&#8221; bg_pos_v=&#8221;65%&#8221;][vc_column enable_content_animation=&#8221;yes&#8221; ca_init_scale_x=&#8221;1&#8243; ca_init_scale_y=&#8221;1&#8243; ca_init_opacity=&#8221;0&#8243; ca_an_scale_x=&#8221;1&#8243; ca_an_scale_y=&#8221;1&#8243; ca_an_opacity=&#8221;1&#8243; scale_from_z=&#8221;1&#8243; scale_to_z=&#8221;1&#8243; ca_init_scale_z=&#8221;1&#8243; ca_an_scale_z=&#8221;1&#8243; ca_duration=&#8221;1800&#8243; ca_delay=&#8221;180&#8243; ca_init_translate_y=&#8221;45&#8243;]<style>.ld_fancy_heading_69f1f40a8ae35 h2 {font-size:35px; } @media (min-width: 768px) { .ld_fancy_heading_69f1f40a8ae35 h2 {font-size:42px; }  } .ld_fancy_heading_69f1f40a8ae35 .lqd-highlight-inner{height:0.275em!important;bottom:0px!important;}.ld_fancy_heading_69f1f40a8ae35 h2 {font-size:35px; } @media (min-width: 768px) { .ld_fancy_heading_69f1f40a8ae35 h2 {font-size:42px; }  } <\/style><div class=\"ld-fancy-heading text-left ld_fancy_heading_69f1f40a8ae35\">\n\t<h2 class=\"ld-fh-element lqd-highlight-underline lqd-highlight-grow-left text-decoration-default\"   >  Exercise of rights<\/h2><\/div>[vc_column_text]In accordance with the provisions of the LPDP and the GDPR, users may exercise their rights of access, rectification, erasure, restriction, opposition, and portability at any time by writing a request to <strong>NERLEI <\/strong> using the following means:<\/p>\n<p>By post to the address: Av. Bernardo Pimenta, Ed. NERLEI 2404-010 Leiria<br \/>\nBy email to: <a href=\"mailto:protecao.dados@nerlei.pt\">protecao.dados@nerlei.pt<\/a>[\/vc_column_text][\/vc_column][\/vc_row][vc_row content_placement=&#8221;middle&#8221; bg_position=&#8221;custom&#8221; css=&#8221;.vc_custom_1711117922911{padding-top: 60px !important;padding-bottom: 120px !important;background-position: 0 0 !important;background-repeat: no-repeat !important;}&#8221; bg_pos_h=&#8221;14%&#8221; bg_pos_v=&#8221;65%&#8221;][vc_column enable_content_animation=&#8221;yes&#8221; ca_init_scale_x=&#8221;1&#8243; ca_init_scale_y=&#8221;1&#8243; ca_init_opacity=&#8221;0&#8243; ca_an_scale_x=&#8221;1&#8243; ca_an_scale_y=&#8221;1&#8243; ca_an_opacity=&#8221;1&#8243; scale_from_z=&#8221;1&#8243; scale_to_z=&#8221;1&#8243; ca_init_scale_z=&#8221;1&#8243; ca_an_scale_z=&#8221;1&#8243; ca_duration=&#8221;1800&#8243; ca_delay=&#8221;180&#8243; ca_init_translate_y=&#8221;45&#8243;]<style>.ld_fancy_heading_69f1f40a8b067 h2 {font-size:35px; } @media (min-width: 768px) { .ld_fancy_heading_69f1f40a8b067 h2 {font-size:42px; }  } .ld_fancy_heading_69f1f40a8b067 .lqd-highlight-inner{height:0.275em!important;bottom:0px!important;}.ld_fancy_heading_69f1f40a8b067 h2 {font-size:35px; } @media (min-width: 768px) { .ld_fancy_heading_69f1f40a8b067 h2 {font-size:42px; }  } <\/style><div class=\"ld-fancy-heading text-left ld_fancy_heading_69f1f40a8b067\">\n\t<h2 class=\"ld-fh-element lqd-highlight-underline lqd-highlight-grow-left text-decoration-default\"   >  Supervisory authority<\/h2><\/div>[vc_column_text]Under the law, the data subject has the right to lodge a complaint regarding the protection of personal data with the competent supervisory authority, \u201cComiss\u00e3o Nacional de Prote\u00e7\u00e3o de Dados\u201d (CNPD) <a href=\"https:\/\/www.cnpd.pt\/\" target=\"_blank\" rel=\"noopener\">www.cnpd.pt.<\/a>[\/vc_column_text][\/vc_column][\/vc_row]<\/p>\n","protected":false},"excerpt":{"rendered":"<p>[vc_row bg_position=&#8221;custom&#8221; enable_overlay=&#8221;yes&#8221; css=&#8221;.vc_custom_1615406840698{border-bottom-width: 2px !important;padding-top: 150px !important;padding-bottom: 80px !important;background-position: 0 0 !important;background-repeat: no-repeat !important;border-bottom-color: #f0f4f5 !important;border-bottom-style: solid !important;}&#8221; bg_pos_h=&#8221;50%&#8221; bg_pos_v=&#8221;120%&#8221; overlay_bg=&#8221;linear-gradient(180deg, #eaf2f4 0.9554140127388535%, rgba(255, 255, 255, 0) 100%)&#8221;][vc_column align=&#8221;text-center&#8221; offset=&#8221;vc_col-lg-offset-3 vc_col-lg-6 vc_col-md-offset-2 vc_col-md-8&#8243; responsive_align=&#8221;text-center&#8221;][\/vc_column][\/vc_row][vc_row content_placement=&#8221;middle&#8221; bg_position=&#8221;custom&#8221; css=&#8221;.vc_custom_1711117275830{padding-top: 80px !important;background-position: 0 0 !important;background-repeat: no-repeat !important;}&#8221; bg_pos_h=&#8221;14%&#8221; bg_pos_v=&#8221;65%&#8221;][vc_column enable_content_animation=&#8221;yes&#8221; ca_init_scale_x=&#8221;1&#8243; ca_init_scale_y=&#8221;1&#8243; ca_init_opacity=&#8221;0&#8243; ca_an_scale_x=&#8221;1&#8243; ca_an_scale_y=&#8221;1&#8243; ca_an_opacity=&#8221;1&#8243; scale_from_z=&#8221;1&#8243; [&hellip;]<\/p>\n","protected":false},"author":1,"featured_media":0,"parent":0,"menu_order":0,"comment_status":"closed","ping_status":"closed","template":"","meta":{"footnotes":""},"class_list":["post-15231","page","type-page","status-publish","hentry"],"yoast_head":"<!-- This site is optimized with the Yoast SEO plugin v22.3 - https:\/\/yoast.com\/wordpress\/plugins\/seo\/ -->\n<title>Privacy Policy - International Business 2023-2025<\/title>\n<meta name=\"robots\" content=\"index, follow, max-snippet:-1, max-image-preview:large, max-video-preview:-1\" \/>\n<link rel=\"canonical\" href=\"https:\/\/ib2023-2025.internationalbusiness.pt\/en\/privacy-policy\/\" \/>\n<meta property=\"og:locale\" content=\"en_US\" \/>\n<meta property=\"og:type\" content=\"article\" \/>\n<meta property=\"og:title\" content=\"Privacy Policy - International Business 2023-2025\" \/>\n<meta property=\"og:description\" content=\"[vc_row bg_position=&#8221;custom&#8221; enable_overlay=&#8221;yes&#8221; css=&#8221;.vc_custom_1615406840698{border-bottom-width: 2px !important;padding-top: 150px !important;padding-bottom: 80px !important;background-position: 0 0 !important;background-repeat: no-repeat !important;border-bottom-color: #f0f4f5 !important;border-bottom-style: solid !important;}&#8221; bg_pos_h=&#8221;50%&#8221; bg_pos_v=&#8221;120%&#8221; overlay_bg=&#8221;linear-gradient(180deg, #eaf2f4 0.9554140127388535%, rgba(255, 255, 255, 0) 100%)&#8221;][vc_column align=&#8221;text-center&#8221; offset=&#8221;vc_col-lg-offset-3 vc_col-lg-6 vc_col-md-offset-2 vc_col-md-8&#8243; responsive_align=&#8221;text-center&#8221;][\/vc_column][\/vc_row][vc_row content_placement=&#8221;middle&#8221; bg_position=&#8221;custom&#8221; css=&#8221;.vc_custom_1711117275830{padding-top: 80px !important;background-position: 0 0 !important;background-repeat: no-repeat !important;}&#8221; bg_pos_h=&#8221;14%&#8221; bg_pos_v=&#8221;65%&#8221;][vc_column enable_content_animation=&#8221;yes&#8221; ca_init_scale_x=&#8221;1&#8243; ca_init_scale_y=&#8221;1&#8243; ca_init_opacity=&#8221;0&#8243; ca_an_scale_x=&#8221;1&#8243; ca_an_scale_y=&#8221;1&#8243; ca_an_opacity=&#8221;1&#8243; scale_from_z=&#8221;1&#8243; [&hellip;]\" \/>\n<meta property=\"og:url\" content=\"https:\/\/ib2023-2025.internationalbusiness.pt\/en\/privacy-policy\/\" \/>\n<meta property=\"og:site_name\" content=\"International Business 2023-2025\" \/>\n<meta property=\"article:publisher\" content=\"https:\/\/www.facebook.com\/profile.php?id=100067116705061\" \/>\n<meta name=\"twitter:card\" content=\"summary_large_image\" \/>\n<meta name=\"twitter:label1\" content=\"Est. reading time\" \/>\n\t<meta name=\"twitter:data1\" content=\"9 minutes\" \/>\n<script type=\"application\/ld+json\" class=\"yoast-schema-graph\">{\"@context\":\"https:\/\/schema.org\",\"@graph\":[{\"@type\":\"WebPage\",\"@id\":\"https:\/\/ib2023-2025.internationalbusiness.pt\/en\/privacy-policy\/\",\"url\":\"https:\/\/ib2023-2025.internationalbusiness.pt\/en\/privacy-policy\/\",\"name\":\"Privacy Policy - International Business 2023-2025\",\"isPartOf\":{\"@id\":\"https:\/\/ib2023-2025.internationalbusiness.pt\/en\/#website\"},\"datePublished\":\"2024-03-22T14:14:43+00:00\",\"dateModified\":\"2024-03-22T14:14:43+00:00\",\"breadcrumb\":{\"@id\":\"https:\/\/ib2023-2025.internationalbusiness.pt\/en\/privacy-policy\/#breadcrumb\"},\"inLanguage\":\"en-US\",\"potentialAction\":[{\"@type\":\"ReadAction\",\"target\":[\"https:\/\/ib2023-2025.internationalbusiness.pt\/en\/privacy-policy\/\"]}]},{\"@type\":\"BreadcrumbList\",\"@id\":\"https:\/\/ib2023-2025.internationalbusiness.pt\/en\/privacy-policy\/#breadcrumb\",\"itemListElement\":[{\"@type\":\"ListItem\",\"position\":1,\"name\":\"In\u00edcio\",\"item\":\"https:\/\/ib2023-2025.internationalbusiness.pt\/en\/\"},{\"@type\":\"ListItem\",\"position\":2,\"name\":\"Privacy Policy\"}]},{\"@type\":\"WebSite\",\"@id\":\"https:\/\/ib2023-2025.internationalbusiness.pt\/en\/#website\",\"url\":\"https:\/\/ib2023-2025.internationalbusiness.pt\/en\/\",\"name\":\"https:\/\/internationalbusiness.pt\",\"description\":\"O Projeto visa promover a competitividade e capacidade exportadora num conjunto de PME das fileiras casa, escrit\u00f3rio e autom\u00f3vel.\",\"publisher\":{\"@id\":\"https:\/\/ib2023-2025.internationalbusiness.pt\/en\/#organization\"},\"potentialAction\":[{\"@type\":\"SearchAction\",\"target\":{\"@type\":\"EntryPoint\",\"urlTemplate\":\"https:\/\/ib2023-2025.internationalbusiness.pt\/en\/?s={search_term_string}\"},\"query-input\":\"required name=search_term_string\"}],\"inLanguage\":\"en-US\"},{\"@type\":\"Organization\",\"@id\":\"https:\/\/ib2023-2025.internationalbusiness.pt\/en\/#organization\",\"name\":\"International Business - NERLEI\",\"url\":\"https:\/\/ib2023-2025.internationalbusiness.pt\/en\/\",\"logo\":{\"@type\":\"ImageObject\",\"inLanguage\":\"en-US\",\"@id\":\"https:\/\/ib2023-2025.internationalbusiness.pt\/en\/#\/schema\/logo\/image\/\",\"url\":\"https:\/\/ib2023-2025.internationalbusiness.pt\/wp-content\/uploads\/2024\/02\/logo__nerlei_international_business_cores.png\",\"contentUrl\":\"https:\/\/ib2023-2025.internationalbusiness.pt\/wp-content\/uploads\/2024\/02\/logo__nerlei_international_business_cores.png\",\"width\":700,\"height\":120,\"caption\":\"International Business - NERLEI\"},\"image\":{\"@id\":\"https:\/\/ib2023-2025.internationalbusiness.pt\/en\/#\/schema\/logo\/image\/\"},\"sameAs\":[\"https:\/\/www.facebook.com\/profile.php?id=100067116705061\",\"https:\/\/www.linkedin.com\/company\/international-business-ib23-25\/about\/\"]}]}<\/script>\n<!-- \/ Yoast SEO plugin. -->","yoast_head_json":{"title":"Privacy Policy - International Business 2023-2025","robots":{"index":"index","follow":"follow","max-snippet":"max-snippet:-1","max-image-preview":"max-image-preview:large","max-video-preview":"max-video-preview:-1"},"canonical":"https:\/\/ib2023-2025.internationalbusiness.pt\/en\/privacy-policy\/","og_locale":"en_US","og_type":"article","og_title":"Privacy Policy - International Business 2023-2025","og_description":"[vc_row bg_position=&#8221;custom&#8221; enable_overlay=&#8221;yes&#8221; css=&#8221;.vc_custom_1615406840698{border-bottom-width: 2px !important;padding-top: 150px !important;padding-bottom: 80px !important;background-position: 0 0 !important;background-repeat: no-repeat !important;border-bottom-color: #f0f4f5 !important;border-bottom-style: solid !important;}&#8221; bg_pos_h=&#8221;50%&#8221; bg_pos_v=&#8221;120%&#8221; overlay_bg=&#8221;linear-gradient(180deg, #eaf2f4 0.9554140127388535%, rgba(255, 255, 255, 0) 100%)&#8221;][vc_column align=&#8221;text-center&#8221; offset=&#8221;vc_col-lg-offset-3 vc_col-lg-6 vc_col-md-offset-2 vc_col-md-8&#8243; responsive_align=&#8221;text-center&#8221;][\/vc_column][\/vc_row][vc_row content_placement=&#8221;middle&#8221; bg_position=&#8221;custom&#8221; css=&#8221;.vc_custom_1711117275830{padding-top: 80px !important;background-position: 0 0 !important;background-repeat: no-repeat !important;}&#8221; bg_pos_h=&#8221;14%&#8221; bg_pos_v=&#8221;65%&#8221;][vc_column enable_content_animation=&#8221;yes&#8221; ca_init_scale_x=&#8221;1&#8243; ca_init_scale_y=&#8221;1&#8243; ca_init_opacity=&#8221;0&#8243; ca_an_scale_x=&#8221;1&#8243; ca_an_scale_y=&#8221;1&#8243; ca_an_opacity=&#8221;1&#8243; scale_from_z=&#8221;1&#8243; [&hellip;]","og_url":"https:\/\/ib2023-2025.internationalbusiness.pt\/en\/privacy-policy\/","og_site_name":"International Business 2023-2025","article_publisher":"https:\/\/www.facebook.com\/profile.php?id=100067116705061","twitter_card":"summary_large_image","twitter_misc":{"Est. reading time":"9 minutes"},"schema":{"@context":"https:\/\/schema.org","@graph":[{"@type":"WebPage","@id":"https:\/\/ib2023-2025.internationalbusiness.pt\/en\/privacy-policy\/","url":"https:\/\/ib2023-2025.internationalbusiness.pt\/en\/privacy-policy\/","name":"Privacy Policy - International Business 2023-2025","isPartOf":{"@id":"https:\/\/ib2023-2025.internationalbusiness.pt\/en\/#website"},"datePublished":"2024-03-22T14:14:43+00:00","dateModified":"2024-03-22T14:14:43+00:00","breadcrumb":{"@id":"https:\/\/ib2023-2025.internationalbusiness.pt\/en\/privacy-policy\/#breadcrumb"},"inLanguage":"en-US","potentialAction":[{"@type":"ReadAction","target":["https:\/\/ib2023-2025.internationalbusiness.pt\/en\/privacy-policy\/"]}]},{"@type":"BreadcrumbList","@id":"https:\/\/ib2023-2025.internationalbusiness.pt\/en\/privacy-policy\/#breadcrumb","itemListElement":[{"@type":"ListItem","position":1,"name":"In\u00edcio","item":"https:\/\/ib2023-2025.internationalbusiness.pt\/en\/"},{"@type":"ListItem","position":2,"name":"Privacy Policy"}]},{"@type":"WebSite","@id":"https:\/\/ib2023-2025.internationalbusiness.pt\/en\/#website","url":"https:\/\/ib2023-2025.internationalbusiness.pt\/en\/","name":"https:\/\/internationalbusiness.pt","description":"O Projeto visa promover a competitividade e capacidade exportadora num conjunto de PME das fileiras casa, escrit\u00f3rio e autom\u00f3vel.","publisher":{"@id":"https:\/\/ib2023-2025.internationalbusiness.pt\/en\/#organization"},"potentialAction":[{"@type":"SearchAction","target":{"@type":"EntryPoint","urlTemplate":"https:\/\/ib2023-2025.internationalbusiness.pt\/en\/?s={search_term_string}"},"query-input":"required name=search_term_string"}],"inLanguage":"en-US"},{"@type":"Organization","@id":"https:\/\/ib2023-2025.internationalbusiness.pt\/en\/#organization","name":"International Business - NERLEI","url":"https:\/\/ib2023-2025.internationalbusiness.pt\/en\/","logo":{"@type":"ImageObject","inLanguage":"en-US","@id":"https:\/\/ib2023-2025.internationalbusiness.pt\/en\/#\/schema\/logo\/image\/","url":"https:\/\/ib2023-2025.internationalbusiness.pt\/wp-content\/uploads\/2024\/02\/logo__nerlei_international_business_cores.png","contentUrl":"https:\/\/ib2023-2025.internationalbusiness.pt\/wp-content\/uploads\/2024\/02\/logo__nerlei_international_business_cores.png","width":700,"height":120,"caption":"International Business - NERLEI"},"image":{"@id":"https:\/\/ib2023-2025.internationalbusiness.pt\/en\/#\/schema\/logo\/image\/"},"sameAs":["https:\/\/www.facebook.com\/profile.php?id=100067116705061","https:\/\/www.linkedin.com\/company\/international-business-ib23-25\/about\/"]}]}},"_links":{"self":[{"href":"https:\/\/ib2023-2025.internationalbusiness.pt\/en\/wp-json\/wp\/v2\/pages\/15231","targetHints":{"allow":["GET"]}}],"collection":[{"href":"https:\/\/ib2023-2025.internationalbusiness.pt\/en\/wp-json\/wp\/v2\/pages"}],"about":[{"href":"https:\/\/ib2023-2025.internationalbusiness.pt\/en\/wp-json\/wp\/v2\/types\/page"}],"author":[{"embeddable":true,"href":"https:\/\/ib2023-2025.internationalbusiness.pt\/en\/wp-json\/wp\/v2\/users\/1"}],"replies":[{"embeddable":true,"href":"https:\/\/ib2023-2025.internationalbusiness.pt\/en\/wp-json\/wp\/v2\/comments?post=15231"}],"version-history":[{"count":0,"href":"https:\/\/ib2023-2025.internationalbusiness.pt\/en\/wp-json\/wp\/v2\/pages\/15231\/revisions"}],"wp:attachment":[{"href":"https:\/\/ib2023-2025.internationalbusiness.pt\/en\/wp-json\/wp\/v2\/media?parent=15231"}],"curies":[{"name":"wp","href":"https:\/\/api.w.org\/{rel}","templated":true}]}}